{"id":898,"date":"2024-01-26T10:50:13","date_gmt":"2024-01-26T09:50:13","guid":{"rendered":"https:\/\/wordpress.givigroup.net\/nl\/?page_id=898"},"modified":"2025-10-27T14:27:06","modified_gmt":"2025-10-27T14:27:06","slug":"sharepoint-ontwerp-je-eigen-site-en-werk-samen","status":"publish","type":"page","link":"https:\/\/wordpress.givigroup.net\/fr\/sharepoint-ontwerp-je-eigen-site-en-werk-samen\/","title":{"rendered":"SharePoint: Cr\u00e9er votre propre site"},"content":{"rendered":"\n<div class=\"wp-block-columns is-layout-flex wp-container-core-columns-layout-3 wp-block-columns-is-layout-flex\">\n<div class=\"wp-block-column is-layout-flow wp-block-column-is-layout-flow\">\n<div class=\"wp-block-columns is-layout-flex wp-container-core-columns-layout-1 wp-block-columns-is-layout-flex\">\n<div class=\"wp-block-column is-layout-flow wp-block-column-is-layout-flow\">\n<h3 class=\"wp-block-heading has-text-color has-link-color has-large-font-size wp-elements-7bb7b5c254f55f421ad1a11e66696c9e\" style=\"color:#ff6633\">Cr\u00e9er un site pour partager des fichiers et des donn\u00e9es !<\/h3>\n\n\n\n<hr class=\"wp-block-separator has-text-color has-alpha-channel-opacity has-background\" style=\"background-color:#ff6633;color:#ff6633\"\/>\n<\/div>\n<\/div>\n\n\n\n<p>A la fin de la formation, l&rsquo;\u00e9tudiant sera capable de mettre en place et de contr\u00f4ler un site d&rsquo;\u00e9quipe SharePoint ou un intranet. Cette formation s&rsquo;adresse aux propri\u00e9taires de sites SharePoint, aux power-users ou aux administrateurs qui doivent cr\u00e9er des biblioth\u00e8ques et des listes, g\u00e9rer les droits des utilisateurs, g\u00e9rer les balises (tags), etc. Pour participer \u00e0 cette formation, une connaissance de base de SharePoint est recommand\u00e9e.<\/p>\n\n\n\n<div style=\"height:25px\" aria-hidden=\"true\" class=\"wp-block-spacer\"><\/div>\n\n\n\n<div class=\"wp-block-columns is-layout-flex wp-container-core-columns-layout-2 wp-block-columns-is-layout-flex\">\n<div class=\"wp-block-column is-layout-flow wp-block-column-is-layout-flow\" style=\"flex-basis:50px\"><\/div>\n\n\n\n<div class=\"wp-block-column is-layout-flow wp-block-column-is-layout-flow\" style=\"flex-basis:650px\">\n<h2 class=\"wp-block-heading has-text-color has-link-color wp-elements-7217ab858aae1dea5f68868d1c04e5e8\" style=\"color:#ff6633\"><span style=\"text-decoration: underline\">Contenu<\/span><\/h2>\n\n\n\n<div style=\"height:15px\" aria-hidden=\"true\" class=\"wp-block-spacer\"><\/div>\n\n\n\n<ul>\n<li><strong>Cr\u00e9ation de sites<\/strong>\n<ul>\n<li>Team site of Communication site<\/li>\n\n\n\n<li>Param\u00e8tres de sites<\/li>\n<\/ul>\n<\/li>\n\n\n\n<li><strong>Galleries<\/strong>\n<ul>\n<li>Colonnes de site<\/li>\n\n\n\n<li>Types de contenu<\/li>\n<\/ul>\n<\/li>\n\n\n\n<li><strong>Look &amp; Feel<\/strong>\n<ul>\n<li>Changer le logo<\/li>\n\n\n\n<li>Couleurs et navigation<\/li>\n<\/ul>\n<\/li>\n\n\n\n<li><strong>Biblioth\u00e8ques<\/strong>\n<ul>\n<li>Cr\u00e9ation<\/li>\n\n\n\n<li>Param\u00e8tres de la biblioth\u00e8que<\/li>\n\n\n\n<li>Types de contenu, dossiers et balises<\/li>\n\n\n\n<li>Gestion de colonnes<\/li>\n\n\n\n<li>Gestion d&rsquo;aper\u00e7us<\/li>\n\n\n\n<li>Droits d&rsquo;acc\u00e8ss<\/li>\n<\/ul>\n<\/li>\n\n\n\n<li><strong>Listes<\/strong>\n<ul>\n<li>Cr\u00e9ation<\/li>\n\n\n\n<li>Param\u00e8tres de liste<\/li>\n\n\n\n<li>Types de contenu, dossiers et balises<\/li>\n\n\n\n<li>Gestion de colonnes<\/li>\n\n\n\n<li>Gestion d&rsquo;aper\u00e7us<\/li>\n\n\n\n<li>Droits d&rsquo;acc\u00e8ss<\/li>\n<\/ul>\n<\/li>\n\n\n\n<li><strong>Pages web<\/strong>\n<ul>\n<li>Cr\u00e9ation<\/li>\n\n\n\n<li>Ajouter des sections<\/li>\n\n\n\n<li>Ajouter des Parties Web<\/li>\n<\/ul>\n<\/li>\n\n\n\n<li><strong>Droits d&rsquo;access<\/strong>\n<ul>\n<li>Aper\u00e7u du syst\u00e8me<\/li>\n\n\n\n<li>Groupe d&rsquo;utilisateurs<\/li>\n\n\n\n<li>Niveau de s\u00e9curit\u00e9<\/li>\n\n\n\n<li>Droits d&rsquo;acc\u00e8ss au niveau de site, par biblioth\u00e8que ou par document<\/li>\n<\/ul>\n<\/li>\n<\/ul>\n<\/div>\n\n\n\n<div class=\"wp-block-column is-vertically-aligned-top is-layout-flow wp-block-column-is-layout-flow\"><div class=\"wp-block-image\">\n<figure class=\"aligncenter size-large is-resized\"><img decoding=\"async\" src=\"https:\/\/wordpress.givigroup.net\/fr\/wp-content\/uploads\/sites\/4\/2025\/10\/microsoft_sharepoint_2025-logo-e1761574069740.png\" alt=\"\" style=\"width:150px\"\/><figcaption class=\"wp-element-caption\"><em><a href=\"https:\/\/wordpress.givigroup.net\/fr\/sharepoint-opleidingen\/\">Dates disponibles<\/a><\/em><\/figcaption><\/figure><\/div><\/div>\n<\/div>\n<\/div>\n<\/div>\n","protected":false},"excerpt":{"rendered":"<p>Cr\u00e9er un site pour partager des fichiers et des donn\u00e9es ! A la fin de la formation, l&rsquo;\u00e9tudiant sera capable de mettre en place et de contr\u00f4ler un site d&rsquo;\u00e9quipe SharePoint ou un intranet. Cette formation s&rsquo;adresse aux propri\u00e9taires de sites SharePoint, aux power-users ou aux administrateurs qui doivent cr\u00e9er des biblioth\u00e8ques et des listes, [&hellip;]<\/p>\n","protected":false},"author":1,"featured_media":0,"parent":0,"menu_order":0,"comment_status":"closed","ping_status":"closed","template":"","meta":{"footnotes":""},"_links":{"self":[{"href":"https:\/\/wordpress.givigroup.net\/fr\/wp-json\/wp\/v2\/pages\/898"}],"collection":[{"href":"https:\/\/wordpress.givigroup.net\/fr\/wp-json\/wp\/v2\/pages"}],"about":[{"href":"https:\/\/wordpress.givigroup.net\/fr\/wp-json\/wp\/v2\/types\/page"}],"author":[{"embeddable":true,"href":"https:\/\/wordpress.givigroup.net\/fr\/wp-json\/wp\/v2\/users\/1"}],"replies":[{"embeddable":true,"href":"https:\/\/wordpress.givigroup.net\/fr\/wp-json\/wp\/v2\/comments?post=898"}],"version-history":[{"count":5,"href":"https:\/\/wordpress.givigroup.net\/fr\/wp-json\/wp\/v2\/pages\/898\/revisions"}],"predecessor-version":[{"id":2417,"href":"https:\/\/wordpress.givigroup.net\/fr\/wp-json\/wp\/v2\/pages\/898\/revisions\/2417"}],"wp:attachment":[{"href":"https:\/\/wordpress.givigroup.net\/fr\/wp-json\/wp\/v2\/media?parent=898"}],"curies":[{"name":"wp","href":"https:\/\/api.w.org\/{rel}","templated":true}]}}