{"id":1795,"date":"2024-02-15T13:55:39","date_gmt":"2024-02-15T13:55:39","guid":{"rendered":"https:\/\/wordpress.givigroup.net\/nl\/?page_id=1795"},"modified":"2025-10-27T14:20:39","modified_gmt":"2025-10-27T14:20:39","slug":"onenote-ontdek-alle-mogelijkheden","status":"publish","type":"page","link":"https:\/\/wordpress.givigroup.net\/fr\/onenote-ontdek-alle-mogelijkheden\/","title":{"rendered":"OneNote: D\u00e9crouvez toutes les possibilit\u00e9s"},"content":{"rendered":"\n<div class=\"wp-block-columns is-layout-flex wp-container-core-columns-layout-1 wp-block-columns-is-layout-flex\">\n<div class=\"wp-block-column is-layout-flow wp-block-column-is-layout-flow\">\n<h3 class=\"wp-block-heading has-text-color has-link-color has-large-font-size wp-elements-df26f71494cc17760d835dc7afee7350\" style=\"color:#ff6633\">Rassemblez et notez vos notes de mani\u00e8re structur\u00e9e !<\/h3>\n\n\n\n<hr class=\"wp-block-separator has-text-color has-alpha-channel-opacity has-background\" style=\"background-color:#ff6633;color:#ff6633\"\/>\n<\/div>\n<\/div>\n\n\n\n<p>A la fin de la formation, l&rsquo;\u00e9tudiant sera capable de prendre des notes de mani\u00e8re structur\u00e9e. Ces notes se composent de notes (de r\u00e9union), d&rsquo;images, de captures d&rsquo;\u00e9cran, d&rsquo;hyperliens, etc. L&rsquo;\u00e9tudiant apprend \u00e9galement \u00e0 partager ces notes avec d&rsquo;autres personnes.<\/p>\n\n\n\n<div style=\"height:25px\" aria-hidden=\"true\" class=\"wp-block-spacer\"><\/div>\n\n\n\n<div class=\"wp-block-columns is-layout-flex wp-container-core-columns-layout-2 wp-block-columns-is-layout-flex\">\n<div class=\"wp-block-column is-layout-flow wp-block-column-is-layout-flow\" style=\"flex-basis:50px\"><\/div>\n\n\n\n<div class=\"wp-block-column is-layout-flow wp-block-column-is-layout-flow\" style=\"flex-basis:650px\">\n<h2 class=\"wp-block-heading has-text-color has-link-color wp-elements-7217ab858aae1dea5f68868d1c04e5e8\" style=\"color:#ff6633\"><span style=\"text-decoration: underline\">Contenu<\/span><\/h2>\n\n\n\n<div style=\"height:15px\" aria-hidden=\"true\" class=\"wp-block-spacer\"><\/div>\n\n\n\n<ul>\n<li>D\u00e9marrer avec OneNote\n<ul>\n<li>Qu&rsquo;est-ce que OneNote?<\/li>\n\n\n\n<li>El\u00e9ments et terminologie<\/li>\n\n\n\n<li>La fonction d&rsquo;aide<\/li>\n<\/ul>\n<\/li>\n\n\n\n<li>Mise en page et structure d&rsquo;un bloc-notes\n<ul>\n<li>Groupes de sections, sections, pages, sous-pages\u2026<\/li>\n<\/ul>\n<\/li>\n\n\n\n<li>Ajouter des informations \u00e0 un bloc-notes\n<ul>\n<li>Notes<\/li>\n\n\n\n<li>Calculs dans OneNote<\/li>\n\n\n\n<li>Touches de raccourci dans OneNote<\/li>\n\n\n\n<li>Faire de la place dans son bloc-notes<\/li>\n<\/ul>\n<\/li>\n\n\n\n<li>Ajouter des objets dans un bloc-notes\n<ul>\n<li>Travailler avec tableaux<\/li>\n\n\n\n<li>Travaller avec des fichiers<\/li>\n\n\n\n<li>Travailler avec des images et des m\u00e9dias<\/li>\n<\/ul>\n<\/li>\n\n\n\n<li>Dessiner dans OneNote<\/li>\n\n\n\n<li>Imprimer le bloc-notes<\/li>\n\n\n\n<li>Travailler avec des balises<\/li>\n\n\n\n<li>Mod\u00e8les de page<\/li>\n\n\n\n<li>Cr\u00e9ation d&rsquo;entr\u00e9es de contenu<\/li>\n\n\n\n<li>Connexion avec d&rsquo;autres applications\n<ul>\n<li>Imprimante OneNote<\/li>\n\n\n\n<li>Outlook<\/li>\n\n\n\n<li>Word<\/li>\n\n\n\n<li>PowerPoint<\/li>\n\n\n\n<li>Excel<\/li>\n<\/ul>\n<\/li>\n\n\n\n<li>Partager et\/ou exporter le bloc-notes<\/li>\n\n\n\n<li>Personnaliser les options dans OneNote<\/li>\n<\/ul>\n<\/div>\n\n\n\n<div class=\"wp-block-column is-vertically-aligned-top is-layout-flow wp-block-column-is-layout-flow\"><div class=\"wp-block-image\">\n<figure class=\"aligncenter size-large is-resized\"><img decoding=\"async\" src=\"https:\/\/wordpress.givigroup.net\/fr\/wp-content\/uploads\/sites\/4\/2025\/10\/microsoft_onenote_2025-logo-e1761574112947.png\" alt=\"\" style=\"width:auto;height:150px\"\/><figcaption class=\"wp-element-caption\"><em><a href=\"https:\/\/wordpress.givigroup.net\/fr\/onenote-opleidingen\/\">Dates disponibles<\/a><\/em><\/figcaption><\/figure><\/div><\/div>\n<\/div>\n","protected":false},"excerpt":{"rendered":"<p>Rassemblez et notez vos notes de mani\u00e8re structur\u00e9e ! A la fin de la formation, l&rsquo;\u00e9tudiant sera capable de prendre des notes de mani\u00e8re structur\u00e9e. Ces notes se composent de notes (de r\u00e9union), d&rsquo;images, de captures d&rsquo;\u00e9cran, d&rsquo;hyperliens, etc. L&rsquo;\u00e9tudiant apprend \u00e9galement \u00e0 partager ces notes avec d&rsquo;autres personnes. Contenu<\/p>\n","protected":false},"author":1,"featured_media":0,"parent":0,"menu_order":0,"comment_status":"closed","ping_status":"closed","template":"","meta":{"footnotes":""},"_links":{"self":[{"href":"https:\/\/wordpress.givigroup.net\/fr\/wp-json\/wp\/v2\/pages\/1795"}],"collection":[{"href":"https:\/\/wordpress.givigroup.net\/fr\/wp-json\/wp\/v2\/pages"}],"about":[{"href":"https:\/\/wordpress.givigroup.net\/fr\/wp-json\/wp\/v2\/types\/page"}],"author":[{"embeddable":true,"href":"https:\/\/wordpress.givigroup.net\/fr\/wp-json\/wp\/v2\/users\/1"}],"replies":[{"embeddable":true,"href":"https:\/\/wordpress.givigroup.net\/fr\/wp-json\/wp\/v2\/comments?post=1795"}],"version-history":[{"count":5,"href":"https:\/\/wordpress.givigroup.net\/fr\/wp-json\/wp\/v2\/pages\/1795\/revisions"}],"predecessor-version":[{"id":2409,"href":"https:\/\/wordpress.givigroup.net\/fr\/wp-json\/wp\/v2\/pages\/1795\/revisions\/2409"}],"wp:attachment":[{"href":"https:\/\/wordpress.givigroup.net\/fr\/wp-json\/wp\/v2\/media?parent=1795"}],"curies":[{"name":"wp","href":"https:\/\/api.w.org\/{rel}","templated":true}]}}